{"id":23,"date":"2020-01-30T23:00:44","date_gmt":"2020-01-30T23:00:44","guid":{"rendered":"https:\/\/campingpineta.com\/fr\/?page_id=23"},"modified":"2020-02-11T23:06:56","modified_gmt":"2020-02-11T23:06:56","slug":"que-faire","status":"publish","type":"page","link":"https:\/\/campingpineta.com\/fr\/que-faire\/","title":{"rendered":"Que faire?"},"content":{"rendered":"\t\t<div data-elementor-type=\"wp-page\" data-elementor-id=\"23\" class=\"elementor elementor-23\" data-elementor-post-type=\"page\">\n\t\t\t\t\t\t<section class=\"elementor-section elementor-top-section elementor-element elementor-element-8dd598e elementor-section-height-min-height elementor-section-boxed elementor-section-height-default elementor-section-items-middle\" data-id=\"8dd598e\" data-element_type=\"section\" data-e-type=\"section\" data-settings=\"{&quot;background_background&quot;:&quot;classic&quot;}\">\n\t\t\t\t\t\t\t<div class=\"elementor-background-overlay\"><\/div>\n\t\t\t\t\t\t\t<div class=\"elementor-container elementor-column-gap-no\">\n\t\t\t\t\t<div class=\"elementor-column elementor-col-100 elementor-top-column elementor-element elementor-element-5746535\" data-id=\"5746535\" data-element_type=\"column\" data-e-type=\"column\">\n\t\t\t<div class=\"elementor-widget-wrap elementor-element-populated\">\n\t\t\t\t\t\t<div class=\"elementor-element elementor-element-3555abd elementor-widget elementor-widget-heading\" data-id=\"3555abd\" data-element_type=\"widget\" data-e-type=\"widget\" data-widget_type=\"heading.default\">\n\t\t\t\t<div class=\"elementor-widget-container\">\n\t\t\t\t\t<h1 class=\"elementor-heading-title elementor-size-default\">Que faire?<\/h1>\t\t\t\t<\/div>\n\t\t\t\t<\/div>\n\t\t\t\t\t<\/div>\n\t\t<\/div>\n\t\t\t\t\t<\/div>\n\t\t<\/section>\n\t\t\t\t<section class=\"elementor-section elementor-top-section elementor-element elementor-element-b33a7f5 elementor-section-boxed elementor-section-height-default elementor-section-height-default\" data-id=\"b33a7f5\" data-element_type=\"section\" data-e-type=\"section\">\n\t\t\t\t\t\t<div class=\"elementor-container elementor-column-gap-default\">\n\t\t\t\t\t<div class=\"elementor-column elementor-col-100 elementor-top-column elementor-element elementor-element-ef7ae6f\" data-id=\"ef7ae6f\" data-element_type=\"column\" data-e-type=\"column\">\n\t\t\t<div class=\"elementor-widget-wrap elementor-element-populated\">\n\t\t\t\t\t\t<div class=\"elementor-element elementor-element-2bef8ce elementor-widget elementor-widget-image\" data-id=\"2bef8ce\" data-element_type=\"widget\" data-e-type=\"widget\" data-settings=\"{&quot;motion_fx_motion_fx_scrolling&quot;:&quot;yes&quot;,&quot;motion_fx_devices&quot;:[&quot;desktop&quot;,&quot;tablet&quot;,&quot;mobile&quot;]}\" data-widget_type=\"image.default\">\n\t\t\t\t<div class=\"elementor-widget-container\">\n\t\t\t\t\t\t\t\t\t\t\t\t\t\t\t<img decoding=\"async\" width=\"104\" height=\"70\" src=\"https:\/\/campingpineta.com\/fr\/wp-content\/uploads\/sites\/3\/2020\/01\/logo-sol.png\" class=\"attachment-full size-full wp-image-166\" alt=\"\" \/>\t\t\t\t\t\t\t\t\t\t\t\t\t\t\t<\/div>\n\t\t\t\t<\/div>\n\t\t\t\t<div class=\"elementor-element elementor-element-aa2f02d elementor-widget elementor-widget-text-editor\" data-id=\"aa2f02d\" data-element_type=\"widget\" data-e-type=\"widget\" data-widget_type=\"text-editor.default\">\n\t\t\t\t<div class=\"elementor-widget-container\">\n\t\t\t\t\t\t\t\t\t<p>Faites les plus belles randos des Pyr\u00e9n\u00e9es aragonaises depuis le camping Pineta.<\/p><p>Situ\u00e9e au coeur du G\u00e9oparc des Pyr\u00e9n\u00e9es et englob\u00e9 dans la R\u00e9serve de la Biosph\u00e8re Ordesa -Vignemale, la Vall\u00e9e de Pineta vous propose un large \u00e9ventail de possibilit\u00e9s pour passer des vacances de r\u00eave.<\/p><p>Depuis le Camping Pineta vous pourrez visiter le Parc National\u00a0 d\u2019Ordesa et du Mont Perdu et le Parc Naturel Posets-Maladeta, profiter de ses paysages, ses traditions, sa culture et sa gastronomie.<\/p><p>De nombreuses possibilit\u00e9s s\u2019offrent \u00e0 vous pour profiter \u00e0 fond de vos vacances.<\/p><p>Espaces naturels prot\u00e9g\u00e9s qui renferment rivi\u00e8res, lacs et cascades, for\u00eats mill\u00e9naires et recoins pleins de surprises o\u00f9 vous savourerez la nature \u00e0 l\u2019\u00e9tat pur.\u00a0<\/p><p>Vous pourrez faire des parcours ornithologiques, voir des rapaces, des isards et des chevreuils.<\/p><p>Vous pourrez aussi visiter les chapelles romanes, les maisons traditionnelles et les ch\u00e2teaux qui jalonnent la r\u00e9gion du Sobrarbe.\u00a0<\/p>\t\t\t\t\t\t\t\t<\/div>\n\t\t\t\t<\/div>\n\t\t\t\t\t<\/div>\n\t\t<\/div>\n\t\t\t\t\t<\/div>\n\t\t<\/section>\n\t\t\t\t<section class=\"elementor-section elementor-top-section elementor-element elementor-element-156d6ff elementor-section-boxed elementor-section-height-default elementor-section-height-default\" data-id=\"156d6ff\" data-element_type=\"section\" data-e-type=\"section\">\n\t\t\t\t\t\t<div class=\"elementor-container elementor-column-gap-default\">\n\t\t\t\t\t<div class=\"elementor-column elementor-col-100 elementor-top-column elementor-element elementor-element-c3c79d3\" data-id=\"c3c79d3\" data-element_type=\"column\" data-e-type=\"column\">\n\t\t\t<div class=\"elementor-widget-wrap elementor-element-populated\">\n\t\t\t\t\t\t<div class=\"elementor-element elementor-element-64138b6 elementor-widget elementor-widget-heading\" data-id=\"64138b6\" data-element_type=\"widget\" data-e-type=\"widget\" data-widget_type=\"heading.default\">\n\t\t\t\t<div class=\"elementor-widget-container\">\n\t\t\t\t\t<h2 class=\"elementor-heading-title elementor-size-default\">Promenades<\/h2>\t\t\t\t<\/div>\n\t\t\t\t<\/div>\n\t\t\t\t<div class=\"elementor-element elementor-element-cb2bd2d elementor-widget elementor-widget-text-editor\" data-id=\"cb2bd2d\" data-element_type=\"widget\" data-e-type=\"widget\" data-widget_type=\"text-editor.default\">\n\t\t\t\t<div class=\"elementor-widget-container\">\n\t\t\t\t\t\t\t\t\t<p>Excursions dans l&#8217;environnement de deux heures et sans difficult\u00e9 technique.<\/p>\t\t\t\t\t\t\t\t<\/div>\n\t\t\t\t<\/div>\n\t\t\t\t<div class=\"elementor-element elementor-element-b6088ac elementor-icon-list--layout-traditional elementor-list-item-link-full_width elementor-widget elementor-widget-icon-list\" data-id=\"b6088ac\" data-element_type=\"widget\" data-e-type=\"widget\" data-widget_type=\"icon-list.default\">\n\t\t\t\t<div class=\"elementor-widget-container\">\n\t\t\t\t\t\t\t<ul class=\"elementor-icon-list-items\">\n\t\t\t\t\t\t\t<li class=\"elementor-icon-list-item\">\n\t\t\t\t\t\t\t\t\t\t\t<a href=\"http:\/\/www.bielsaturismo.com\/ruta\/bielsa-embalse-de-pineta\/\" target=\"_blank\" rel=\"nofollow\">\n\n\t\t\t\t\t\t\t\t\t\t\t\t<span class=\"elementor-icon-list-icon\">\n\t\t\t\t\t\t\t<i aria-hidden=\"true\" class=\"fas fa-tree\"><\/i>\t\t\t\t\t\t<\/span>\n\t\t\t\t\t\t\t\t\t\t<span class=\"elementor-icon-list-text\">Bielsa y embalse de Pineta. <br \/>4,58 km \u00b7 1 h 25 min<\/span>\n\t\t\t\t\t\t\t\t\t\t\t<\/a>\n\t\t\t\t\t\t\t\t\t<\/li>\n\t\t\t\t\t\t\t\t<li class=\"elementor-icon-list-item\">\n\t\t\t\t\t\t\t\t\t\t\t<a href=\"http:\/\/www.bielsaturismo.com\/ruta\/valle-medio-de-pineta\/\" target=\"_blank\" rel=\"nofollow\">\n\n\t\t\t\t\t\t\t\t\t\t\t\t<span class=\"elementor-icon-list-icon\">\n\t\t\t\t\t\t\t<i aria-hidden=\"true\" class=\"fas fa-tree\"><\/i>\t\t\t\t\t\t<\/span>\n\t\t\t\t\t\t\t\t\t\t<span class=\"elementor-icon-list-text\">Valle medio de Pineta <br \/>11,58 km \u00b7 2 h 30 min<\/span>\n\t\t\t\t\t\t\t\t\t\t\t<\/a>\n\t\t\t\t\t\t\t\t\t<\/li>\n\t\t\t\t\t\t\t\t<li class=\"elementor-icon-list-item\">\n\t\t\t\t\t\t\t\t\t\t\t<a href=\"http:\/\/www.bielsaturismo.com\/ruta\/fondo-del-valle-de-pineta\/\" target=\"_blank\" rel=\"nofollow\">\n\n\t\t\t\t\t\t\t\t\t\t\t\t<span class=\"elementor-icon-list-icon\">\n\t\t\t\t\t\t\t<i aria-hidden=\"true\" class=\"fas fa-tree\"><\/i>\t\t\t\t\t\t<\/span>\n\t\t\t\t\t\t\t\t\t\t<span class=\"elementor-icon-list-text\">Fondo del valle de Pineta<br \/>5,82 km \u00b7 1 h 25 min<\/span>\n\t\t\t\t\t\t\t\t\t\t\t<\/a>\n\t\t\t\t\t\t\t\t\t<\/li>\n\t\t\t\t\t\t\t\t<li class=\"elementor-icon-list-item\">\n\t\t\t\t\t\t\t\t\t\t\t<a href=\"http:\/\/www.bielsaturismo.com\/ruta\/llanos-de-la-larri-y-circo-de-pineta\/\" target=\"_blank\" rel=\"nofollow\">\n\n\t\t\t\t\t\t\t\t\t\t\t\t<span class=\"elementor-icon-list-icon\">\n\t\t\t\t\t\t\t<i aria-hidden=\"true\" class=\"fas fa-tree\"><\/i>\t\t\t\t\t\t<\/span>\n\t\t\t\t\t\t\t\t\t\t<span class=\"elementor-icon-list-text\">Llanos de La Larri y circo de Pineta<br \/>5,58 km \u00b7 1 h 50 min<\/span>\n\t\t\t\t\t\t\t\t\t\t\t<\/a>\n\t\t\t\t\t\t\t\t\t<\/li>\n\t\t\t\t\t\t\t\t<li class=\"elementor-icon-list-item\">\n\t\t\t\t\t\t\t\t\t\t\t<a href=\"http:\/\/www.bielsaturismo.com\/ruta\/bielsa-a-parzan-por-el-pr-189\/\" target=\"_blank\" rel=\"nofollow\">\n\n\t\t\t\t\t\t\t\t\t\t\t\t<span class=\"elementor-icon-list-icon\">\n\t\t\t\t\t\t\t<i aria-hidden=\"true\" class=\"fas fa-tree\"><\/i>\t\t\t\t\t\t<\/span>\n\t\t\t\t\t\t\t\t\t\t<span class=\"elementor-icon-list-text\">Bielsa a Parz\u00e1n por el PR \u2013 189<br \/>3,98 km \u00b7 1 h 20 min<\/span>\n\t\t\t\t\t\t\t\t\t\t\t<\/a>\n\t\t\t\t\t\t\t\t\t<\/li>\n\t\t\t\t\t\t<\/ul>\n\t\t\t\t\t\t<\/div>\n\t\t\t\t<\/div>\n\t\t\t\t\t<\/div>\n\t\t<\/div>\n\t\t\t\t\t<\/div>\n\t\t<\/section>\n\t\t\t\t<section class=\"elementor-section elementor-top-section elementor-element elementor-element-3169dd1 elementor-section-boxed elementor-section-height-default elementor-section-height-default\" data-id=\"3169dd1\" data-element_type=\"section\" data-e-type=\"section\">\n\t\t\t\t\t\t<div class=\"elementor-container elementor-column-gap-default\">\n\t\t\t\t\t<div class=\"elementor-column elementor-col-100 elementor-top-column elementor-element elementor-element-793e4fb\" data-id=\"793e4fb\" data-element_type=\"column\" data-e-type=\"column\">\n\t\t\t<div class=\"elementor-widget-wrap elementor-element-populated\">\n\t\t\t\t\t\t<div class=\"elementor-element elementor-element-4dbf560 elementor-widget elementor-widget-heading\" data-id=\"4dbf560\" data-element_type=\"widget\" data-e-type=\"widget\" data-widget_type=\"heading.default\">\n\t\t\t\t<div class=\"elementor-widget-container\">\n\t\t\t\t\t<h2 class=\"elementor-heading-title elementor-size-default\">Excursions d'une demi-journ\u00e9e<\/h2>\t\t\t\t<\/div>\n\t\t\t\t<\/div>\n\t\t\t\t<div class=\"elementor-element elementor-element-5bd606d elementor-widget elementor-widget-text-editor\" data-id=\"5bd606d\" data-element_type=\"widget\" data-e-type=\"widget\" data-widget_type=\"text-editor.default\">\n\t\t\t\t<div class=\"elementor-widget-container\">\n\t\t\t\t\t\t\t\t\t<p>Excursion entre 2 et 4 ou 5 heures environ. Ils ne pr\u00e9sentent pas ou ne le font pas \u00e0 temps, des difficult\u00e9s techniques.<\/p>\t\t\t\t\t\t\t\t<\/div>\n\t\t\t\t<\/div>\n\t\t\t\t<div class=\"elementor-element elementor-element-b6cc034 elementor-icon-list--layout-traditional elementor-list-item-link-full_width elementor-widget elementor-widget-icon-list\" data-id=\"b6cc034\" data-element_type=\"widget\" data-e-type=\"widget\" data-widget_type=\"icon-list.default\">\n\t\t\t\t<div class=\"elementor-widget-container\">\n\t\t\t\t\t\t\t<ul class=\"elementor-icon-list-items\">\n\t\t\t\t\t\t\t<li class=\"elementor-icon-list-item\">\n\t\t\t\t\t\t\t\t\t\t\t<a href=\"http:\/\/www.bielsaturismo.com\/ruta\/sierra-de-espierba\/\" target=\"_blank\" rel=\"nofollow\">\n\n\t\t\t\t\t\t\t\t\t\t\t\t<span class=\"elementor-icon-list-icon\">\n\t\t\t\t\t\t\t<i aria-hidden=\"true\" class=\"fas fa-tree\"><\/i>\t\t\t\t\t\t<\/span>\n\t\t\t\t\t\t\t\t\t\t<span class=\"elementor-icon-list-text\">Sierra de Espierba<br \/>11,35 km \u00b7 4 h<\/span>\n\t\t\t\t\t\t\t\t\t\t\t<\/a>\n\t\t\t\t\t\t\t\t\t<\/li>\n\t\t\t\t\t\t\t\t<li class=\"elementor-icon-list-item\">\n\t\t\t\t\t\t\t\t\t\t\t<a href=\"http:\/\/www.bielsaturismo.com\/ruta\/circular-entorno-al-pico-comodoto\/\" target=\"_blank\" rel=\"nofollow\">\n\n\t\t\t\t\t\t\t\t\t\t\t\t<span class=\"elementor-icon-list-icon\">\n\t\t\t\t\t\t\t<i aria-hidden=\"true\" class=\"fas fa-tree\"><\/i>\t\t\t\t\t\t<\/span>\n\t\t\t\t\t\t\t\t\t\t<span class=\"elementor-icon-list-text\">Circular entorno al pico Comodoto<br \/>5,9 km \u00b7 2 h 50 min<\/span>\n\t\t\t\t\t\t\t\t\t\t\t<\/a>\n\t\t\t\t\t\t\t\t\t<\/li>\n\t\t\t\t\t\t\t\t<li class=\"elementor-icon-list-item\">\n\t\t\t\t\t\t\t\t\t\t\t<a href=\"http:\/\/www.bielsaturismo.com\/ruta\/ruta-de-la-bolsa-de-bielsa\/\" target=\"_blank\" rel=\"nofollow\">\n\n\t\t\t\t\t\t\t\t\t\t\t\t<span class=\"elementor-icon-list-icon\">\n\t\t\t\t\t\t\t<i aria-hidden=\"true\" class=\"fas fa-tree\"><\/i>\t\t\t\t\t\t<\/span>\n\t\t\t\t\t\t\t\t\t\t<span class=\"elementor-icon-list-text\">Ruta de la Bolsa de Bielsa<br \/>10,7 km \u00b7 4 h 45 min<\/span>\n\t\t\t\t\t\t\t\t\t\t\t<\/a>\n\t\t\t\t\t\t\t\t\t<\/li>\n\t\t\t\t\t\t<\/ul>\n\t\t\t\t\t\t<\/div>\n\t\t\t\t<\/div>\n\t\t\t\t\t<\/div>\n\t\t<\/div>\n\t\t\t\t\t<\/div>\n\t\t<\/section>\n\t\t\t\t<section class=\"elementor-section elementor-top-section elementor-element elementor-element-7ad7d36 elementor-section-boxed elementor-section-height-default elementor-section-height-default\" data-id=\"7ad7d36\" data-element_type=\"section\" data-e-type=\"section\">\n\t\t\t\t\t\t<div class=\"elementor-container elementor-column-gap-default\">\n\t\t\t\t\t<div class=\"elementor-column elementor-col-100 elementor-top-column elementor-element elementor-element-a23d9e3\" data-id=\"a23d9e3\" data-element_type=\"column\" data-e-type=\"column\">\n\t\t\t<div class=\"elementor-widget-wrap elementor-element-populated\">\n\t\t\t\t\t\t<div class=\"elementor-element elementor-element-e130007 elementor-widget elementor-widget-heading\" data-id=\"e130007\" data-element_type=\"widget\" data-e-type=\"widget\" data-widget_type=\"heading.default\">\n\t\t\t\t<div class=\"elementor-widget-container\">\n\t\t\t\t\t<h2 class=\"elementor-heading-title elementor-size-default\">Excursions d'une journ\u00e9e<\/h2>\t\t\t\t<\/div>\n\t\t\t\t<\/div>\n\t\t\t\t<div class=\"elementor-element elementor-element-79f79a7 elementor-widget elementor-widget-text-editor\" data-id=\"79f79a7\" data-element_type=\"widget\" data-e-type=\"widget\" data-widget_type=\"text-editor.default\">\n\t\t\t\t<div class=\"elementor-widget-container\">\n\t\t\t\t\t\t\t\t\t<p>Excursions qui, en raison de leur dur\u00e9e (entre 5 et 8 heures) ou d&#8217;efforts, n\u00e9cessitent de passer la majeure partie de la journ\u00e9e. Ils ne pr\u00e9sentent pas de grandes difficult\u00e9s techniques ou ne se d\u00e9veloppent pas en altitude.<\/p>\t\t\t\t\t\t\t\t<\/div>\n\t\t\t\t<\/div>\n\t\t\t\t<div class=\"elementor-element elementor-element-019c3f3 elementor-icon-list--layout-traditional elementor-list-item-link-full_width elementor-widget elementor-widget-icon-list\" data-id=\"019c3f3\" data-element_type=\"widget\" data-e-type=\"widget\" data-widget_type=\"icon-list.default\">\n\t\t\t\t<div class=\"elementor-widget-container\">\n\t\t\t\t\t\t\t<ul class=\"elementor-icon-list-items\">\n\t\t\t\t\t\t\t<li class=\"elementor-icon-list-item\">\n\t\t\t\t\t\t\t\t\t\t\t<a href=\"http:\/\/www.bielsaturismo.com\/ruta\/la-estibeta-y-el-pico-comodoto\/\" target=\"_blank\" rel=\"nofollow\">\n\n\t\t\t\t\t\t\t\t\t\t\t\t<span class=\"elementor-icon-list-icon\">\n\t\t\t\t\t\t\t<i aria-hidden=\"true\" class=\"fas fa-tree\"><\/i>\t\t\t\t\t\t<\/span>\n\t\t\t\t\t\t\t\t\t\t<span class=\"elementor-icon-list-text\">La Estibeta y el pico Comodoto<br \/>17,7 km \u00b7 5 h 55 min<\/span>\n\t\t\t\t\t\t\t\t\t\t\t<\/a>\n\t\t\t\t\t\t\t\t\t<\/li>\n\t\t\t\t\t\t\t\t<li class=\"elementor-icon-list-item\">\n\t\t\t\t\t\t\t\t\t\t\t<a href=\"http:\/\/www.bielsaturismo.com\/ruta\/circular-por-la-sobreestiva-e-ibones-y-valle-de-la-larri\/\" target=\"_blank\" rel=\"nofollow\">\n\n\t\t\t\t\t\t\t\t\t\t\t\t<span class=\"elementor-icon-list-icon\">\n\t\t\t\t\t\t\t<i aria-hidden=\"true\" class=\"fas fa-tree\"><\/i>\t\t\t\t\t\t<\/span>\n\t\t\t\t\t\t\t\t\t\t<span class=\"elementor-icon-list-text\">Circular por la Sobreestiva e ibones y valle de La Larri<br \/>11,79 km \u00b7 6 h<\/span>\n\t\t\t\t\t\t\t\t\t\t\t<\/a>\n\t\t\t\t\t\t\t\t\t<\/li>\n\t\t\t\t\t\t\t\t<li class=\"elementor-icon-list-item\">\n\t\t\t\t\t\t\t\t\t\t\t<a href=\"http:\/\/www.bielsaturismo.com\/ruta\/circular-por-la-estiva-e-ibones-y-valle-de-la-larri\/\" target=\"_blank\" rel=\"nofollow\">\n\n\t\t\t\t\t\t\t\t\t\t\t\t<span class=\"elementor-icon-list-icon\">\n\t\t\t\t\t\t\t<i aria-hidden=\"true\" class=\"fas fa-tree\"><\/i>\t\t\t\t\t\t<\/span>\n\t\t\t\t\t\t\t\t\t\t<span class=\"elementor-icon-list-text\">Circular por la Estiva e ibones y valle de La Larri<br \/>14,2 km \u00b7 6 h 55 min<\/span>\n\t\t\t\t\t\t\t\t\t\t\t<\/a>\n\t\t\t\t\t\t\t\t\t<\/li>\n\t\t\t\t\t\t\t\t<li class=\"elementor-icon-list-item\">\n\t\t\t\t\t\t\t\t\t\t\t<a href=\"http:\/\/www.bielsaturismo.com\/ruta\/comodoto-sierra-de-espierba-pico-del-cuezo\/\" target=\"_blank\" rel=\"nofollow\">\n\n\t\t\t\t\t\t\t\t\t\t\t\t<span class=\"elementor-icon-list-icon\">\n\t\t\t\t\t\t\t<i aria-hidden=\"true\" class=\"fas fa-tree\"><\/i>\t\t\t\t\t\t<\/span>\n\t\t\t\t\t\t\t\t\t\t<span class=\"elementor-icon-list-text\">Comodoto, Sierra de Espierba y Pico del Cuezo<br \/>14,77 km \u00b7 6 h 15 min<\/span>\n\t\t\t\t\t\t\t\t\t\t\t<\/a>\n\t\t\t\t\t\t\t\t\t<\/li>\n\t\t\t\t\t\t\t\t<li class=\"elementor-icon-list-item\">\n\t\t\t\t\t\t\t\t\t\t\t<a href=\"http:\/\/www.bielsaturismo.com\/ruta\/valle-e-ibon-del-cau\/\" target=\"_blank\" rel=\"nofollow\">\n\n\t\t\t\t\t\t\t\t\t\t\t\t<span class=\"elementor-icon-list-icon\">\n\t\t\t\t\t\t\t<i aria-hidden=\"true\" class=\"fas fa-tree\"><\/i>\t\t\t\t\t\t<\/span>\n\t\t\t\t\t\t\t\t\t\t<span class=\"elementor-icon-list-text\">Valle e ib\u00f3n del Cau<br \/>14,98 km \u00b7 7 h 20 min<\/span>\n\t\t\t\t\t\t\t\t\t\t\t<\/a>\n\t\t\t\t\t\t\t\t\t<\/li>\n\t\t\t\t\t\t\t\t<li class=\"elementor-icon-list-item\">\n\t\t\t\t\t\t\t\t\t\t\t<a href=\"http:\/\/www.bielsaturismo.com\/ruta\/ibones-de-mener-y-de-trigoniero\/\" target=\"_blank\" rel=\"nofollow\">\n\n\t\t\t\t\t\t\t\t\t\t\t\t<span class=\"elementor-icon-list-icon\">\n\t\t\t\t\t\t\t<i aria-hidden=\"true\" class=\"fas fa-tree\"><\/i>\t\t\t\t\t\t<\/span>\n\t\t\t\t\t\t\t\t\t\t<span class=\"elementor-icon-list-text\">Ibones de Mener y de Trigoniero<br \/>15,02 km \u00b7 6 h 45 min<\/span>\n\t\t\t\t\t\t\t\t\t\t\t<\/a>\n\t\t\t\t\t\t\t\t\t<\/li>\n\t\t\t\t\t\t\t\t<li class=\"elementor-icon-list-item\">\n\t\t\t\t\t\t\t\t\t\t\t<a href=\"http:\/\/www.bielsaturismo.com\/ruta\/circular-a-la-sierra-pelada\/\" target=\"_blank\" rel=\"nofollow\">\n\n\t\t\t\t\t\t\t\t\t\t\t\t<span class=\"elementor-icon-list-icon\">\n\t\t\t\t\t\t\t<i aria-hidden=\"true\" class=\"fas fa-tree\"><\/i>\t\t\t\t\t\t<\/span>\n\t\t\t\t\t\t\t\t\t\t<span class=\"elementor-icon-list-text\">Circular a la Sierra Pelada<br \/>19,2 km \u00b7 8 h 10 min<\/span>\n\t\t\t\t\t\t\t\t\t\t\t<\/a>\n\t\t\t\t\t\t\t\t\t<\/li>\n\t\t\t\t\t\t\t\t<li class=\"elementor-icon-list-item\">\n\t\t\t\t\t\t\t\t\t\t\t<a href=\"http:\/\/www.bielsaturismo.com\/ruta\/salcorz\/\" target=\"_blank\" rel=\"nofollow\">\n\n\t\t\t\t\t\t\t\t\t\t\t\t<span class=\"elementor-icon-list-icon\">\n\t\t\t\t\t\t\t<i aria-hidden=\"true\" class=\"fas fa-tree\"><\/i>\t\t\t\t\t\t<\/span>\n\t\t\t\t\t\t\t\t\t\t<span class=\"elementor-icon-list-text\">Puertos de Bielsa e ib\u00f3n de Salcorz<br \/>15,07 km \u00b7 6 h 15 min<\/span>\n\t\t\t\t\t\t\t\t\t\t\t<\/a>\n\t\t\t\t\t\t\t\t\t<\/li>\n\t\t\t\t\t\t<\/ul>\n\t\t\t\t\t\t<\/div>\n\t\t\t\t<\/div>\n\t\t\t\t\t<\/div>\n\t\t<\/div>\n\t\t\t\t\t<\/div>\n\t\t<\/section>\n\t\t\t\t<section class=\"elementor-section elementor-top-section elementor-element elementor-element-da33d56 elementor-section-boxed elementor-section-height-default elementor-section-height-default\" data-id=\"da33d56\" data-element_type=\"section\" data-e-type=\"section\">\n\t\t\t\t\t\t<div class=\"elementor-container elementor-column-gap-default\">\n\t\t\t\t\t<div class=\"elementor-column elementor-col-100 elementor-top-column elementor-element elementor-element-ed00e92\" data-id=\"ed00e92\" data-element_type=\"column\" data-e-type=\"column\">\n\t\t\t<div class=\"elementor-widget-wrap elementor-element-populated\">\n\t\t\t\t\t\t<div class=\"elementor-element elementor-element-bd9fd14 elementor-widget elementor-widget-gallery\" data-id=\"bd9fd14\" data-element_type=\"widget\" data-e-type=\"widget\" data-settings=\"{&quot;columns&quot;:3,&quot;lazyload&quot;:&quot;yes&quot;,&quot;gallery_layout&quot;:&quot;grid&quot;,&quot;columns_tablet&quot;:2,&quot;columns_mobile&quot;:1,&quot;gap&quot;:{&quot;unit&quot;:&quot;px&quot;,&quot;size&quot;:10,&quot;sizes&quot;:[]},&quot;gap_tablet&quot;:{&quot;unit&quot;:&quot;px&quot;,&quot;size&quot;:10,&quot;sizes&quot;:[]},&quot;gap_mobile&quot;:{&quot;unit&quot;:&quot;px&quot;,&quot;size&quot;:10,&quot;sizes&quot;:[]},&quot;link_to&quot;:&quot;file&quot;,&quot;aspect_ratio&quot;:&quot;3:2&quot;,&quot;overlay_background&quot;:&quot;yes&quot;,&quot;content_hover_animation&quot;:&quot;fade-in&quot;}\" data-widget_type=\"gallery.default\">\n\t\t\t\t<div class=\"elementor-widget-container\">\n\t\t\t\t\t\t\t<div class=\"elementor-gallery__container\">\n\t\t\t\t\t\t\t<a class=\"e-gallery-item elementor-gallery-item elementor-animated-content\" href=\"https:\/\/campingpineta.com\/fr\/wp-content\/uploads\/sites\/3\/2020\/02\/Aventura10.jpg\" data-elementor-open-lightbox=\"yes\" data-elementor-lightbox-slideshow=\"bd9fd14\" data-elementor-lightbox-title=\"Aventura10\" data-e-action-hash=\"#elementor-action%3Aaction%3Dlightbox%26settings%3DeyJpZCI6NjU1LCJ1cmwiOiJodHRwczpcL1wvY2FtcGluZ3BpbmV0YS5jb21cL2ZyXC93cC1jb250ZW50XC91cGxvYWRzXC9zaXRlc1wvM1wvMjAyMFwvMDJcL0F2ZW50dXJhMTAuanBnIiwic2xpZGVzaG93IjoiYmQ5ZmQxNCJ9\">\n\t\t\t\t\t<div class=\"e-gallery-image elementor-gallery-item__image\" data-thumbnail=\"https:\/\/campingpineta.com\/fr\/wp-content\/uploads\/sites\/3\/2020\/02\/Aventura10-768x491.jpg\" data-width=\"768\" data-height=\"491\" aria-label=\"\" role=\"img\" ><\/div>\n\t\t\t\t\t\t\t\t\t\t\t<div class=\"elementor-gallery-item__overlay\"><\/div>\n\t\t\t\t\t\t\t\t\t\t\t\t\t\t<\/a>\n\t\t\t\t\t\t\t<a class=\"e-gallery-item elementor-gallery-item elementor-animated-content\" href=\"https:\/\/campingpineta.com\/fr\/wp-content\/uploads\/sites\/3\/2020\/02\/Aventura1.jpg\" data-elementor-open-lightbox=\"yes\" data-elementor-lightbox-slideshow=\"bd9fd14\" data-elementor-lightbox-title=\"Aventura1\" data-e-action-hash=\"#elementor-action%3Aaction%3Dlightbox%26settings%3DeyJpZCI6NjU4LCJ1cmwiOiJodHRwczpcL1wvY2FtcGluZ3BpbmV0YS5jb21cL2ZyXC93cC1jb250ZW50XC91cGxvYWRzXC9zaXRlc1wvM1wvMjAyMFwvMDJcL0F2ZW50dXJhMS5qcGciLCJzbGlkZXNob3ciOiJiZDlmZDE0In0%3D\">\n\t\t\t\t\t<div class=\"e-gallery-image elementor-gallery-item__image\" data-thumbnail=\"https:\/\/campingpineta.com\/fr\/wp-content\/uploads\/sites\/3\/2020\/02\/Aventura1-768x491.jpg\" data-width=\"768\" data-height=\"491\" aria-label=\"\" role=\"img\" ><\/div>\n\t\t\t\t\t\t\t\t\t\t\t<div class=\"elementor-gallery-item__overlay\"><\/div>\n\t\t\t\t\t\t\t\t\t\t\t\t\t\t<\/a>\n\t\t\t\t\t\t\t<a class=\"e-gallery-item elementor-gallery-item elementor-animated-content\" href=\"https:\/\/campingpineta.com\/fr\/wp-content\/uploads\/sites\/3\/2020\/02\/Aventura2.jpg\" data-elementor-open-lightbox=\"yes\" data-elementor-lightbox-slideshow=\"bd9fd14\" data-elementor-lightbox-title=\"Aventura2\" data-e-action-hash=\"#elementor-action%3Aaction%3Dlightbox%26settings%3DeyJpZCI6NjU5LCJ1cmwiOiJodHRwczpcL1wvY2FtcGluZ3BpbmV0YS5jb21cL2ZyXC93cC1jb250ZW50XC91cGxvYWRzXC9zaXRlc1wvM1wvMjAyMFwvMDJcL0F2ZW50dXJhMi5qcGciLCJzbGlkZXNob3ciOiJiZDlmZDE0In0%3D\">\n\t\t\t\t\t<div class=\"e-gallery-image elementor-gallery-item__image\" data-thumbnail=\"https:\/\/campingpineta.com\/fr\/wp-content\/uploads\/sites\/3\/2020\/02\/Aventura2-768x491.jpg\" data-width=\"768\" data-height=\"491\" aria-label=\"\" role=\"img\" ><\/div>\n\t\t\t\t\t\t\t\t\t\t\t<div class=\"elementor-gallery-item__overlay\"><\/div>\n\t\t\t\t\t\t\t\t\t\t\t\t\t\t<\/a>\n\t\t\t\t\t\t\t<a class=\"e-gallery-item elementor-gallery-item elementor-animated-content\" href=\"https:\/\/campingpineta.com\/fr\/wp-content\/uploads\/sites\/3\/2020\/02\/Aventura3.jpg\" data-elementor-open-lightbox=\"yes\" data-elementor-lightbox-slideshow=\"bd9fd14\" data-elementor-lightbox-title=\"Aventura3\" data-e-action-hash=\"#elementor-action%3Aaction%3Dlightbox%26settings%3DeyJpZCI6NjYwLCJ1cmwiOiJodHRwczpcL1wvY2FtcGluZ3BpbmV0YS5jb21cL2ZyXC93cC1jb250ZW50XC91cGxvYWRzXC9zaXRlc1wvM1wvMjAyMFwvMDJcL0F2ZW50dXJhMy5qcGciLCJzbGlkZXNob3ciOiJiZDlmZDE0In0%3D\">\n\t\t\t\t\t<div class=\"e-gallery-image elementor-gallery-item__image\" data-thumbnail=\"https:\/\/campingpineta.com\/fr\/wp-content\/uploads\/sites\/3\/2020\/02\/Aventura3-768x491.jpg\" data-width=\"768\" data-height=\"491\" aria-label=\"\" role=\"img\" ><\/div>\n\t\t\t\t\t\t\t\t\t\t\t<div class=\"elementor-gallery-item__overlay\"><\/div>\n\t\t\t\t\t\t\t\t\t\t\t\t\t\t<\/a>\n\t\t\t\t\t\t\t<a class=\"e-gallery-item elementor-gallery-item elementor-animated-content\" href=\"https:\/\/campingpineta.com\/fr\/wp-content\/uploads\/sites\/3\/2020\/02\/Aventura4.jpg\" data-elementor-open-lightbox=\"yes\" data-elementor-lightbox-slideshow=\"bd9fd14\" data-elementor-lightbox-title=\"Aventura4\" data-e-action-hash=\"#elementor-action%3Aaction%3Dlightbox%26settings%3DeyJpZCI6NjYxLCJ1cmwiOiJodHRwczpcL1wvY2FtcGluZ3BpbmV0YS5jb21cL2ZyXC93cC1jb250ZW50XC91cGxvYWRzXC9zaXRlc1wvM1wvMjAyMFwvMDJcL0F2ZW50dXJhNC5qcGciLCJzbGlkZXNob3ciOiJiZDlmZDE0In0%3D\">\n\t\t\t\t\t<div class=\"e-gallery-image elementor-gallery-item__image\" data-thumbnail=\"https:\/\/campingpineta.com\/fr\/wp-content\/uploads\/sites\/3\/2020\/02\/Aventura4-768x491.jpg\" data-width=\"768\" data-height=\"491\" aria-label=\"\" role=\"img\" ><\/div>\n\t\t\t\t\t\t\t\t\t\t\t<div class=\"elementor-gallery-item__overlay\"><\/div>\n\t\t\t\t\t\t\t\t\t\t\t\t\t\t<\/a>\n\t\t\t\t\t\t\t<a class=\"e-gallery-item elementor-gallery-item elementor-animated-content\" href=\"https:\/\/campingpineta.com\/fr\/wp-content\/uploads\/sites\/3\/2020\/02\/Aventura5.jpg\" data-elementor-open-lightbox=\"yes\" data-elementor-lightbox-slideshow=\"bd9fd14\" data-elementor-lightbox-title=\"Aventura5\" data-e-action-hash=\"#elementor-action%3Aaction%3Dlightbox%26settings%3DeyJpZCI6NjYyLCJ1cmwiOiJodHRwczpcL1wvY2FtcGluZ3BpbmV0YS5jb21cL2ZyXC93cC1jb250ZW50XC91cGxvYWRzXC9zaXRlc1wvM1wvMjAyMFwvMDJcL0F2ZW50dXJhNS5qcGciLCJzbGlkZXNob3ciOiJiZDlmZDE0In0%3D\">\n\t\t\t\t\t<div class=\"e-gallery-image elementor-gallery-item__image\" data-thumbnail=\"https:\/\/campingpineta.com\/fr\/wp-content\/uploads\/sites\/3\/2020\/02\/Aventura5-768x491.jpg\" data-width=\"768\" data-height=\"491\" aria-label=\"\" role=\"img\" ><\/div>\n\t\t\t\t\t\t\t\t\t\t\t<div class=\"elementor-gallery-item__overlay\"><\/div>\n\t\t\t\t\t\t\t\t\t\t\t\t\t\t<\/a>\n\t\t\t\t\t\t\t<a class=\"e-gallery-item elementor-gallery-item elementor-animated-content\" href=\"https:\/\/campingpineta.com\/fr\/wp-content\/uploads\/sites\/3\/2020\/02\/Aventura6.jpg\" data-elementor-open-lightbox=\"yes\" data-elementor-lightbox-slideshow=\"bd9fd14\" data-elementor-lightbox-title=\"Aventura6\" data-e-action-hash=\"#elementor-action%3Aaction%3Dlightbox%26settings%3DeyJpZCI6NjYzLCJ1cmwiOiJodHRwczpcL1wvY2FtcGluZ3BpbmV0YS5jb21cL2ZyXC93cC1jb250ZW50XC91cGxvYWRzXC9zaXRlc1wvM1wvMjAyMFwvMDJcL0F2ZW50dXJhNi5qcGciLCJzbGlkZXNob3ciOiJiZDlmZDE0In0%3D\">\n\t\t\t\t\t<div class=\"e-gallery-image elementor-gallery-item__image\" data-thumbnail=\"https:\/\/campingpineta.com\/fr\/wp-content\/uploads\/sites\/3\/2020\/02\/Aventura6-768x491.jpg\" data-width=\"768\" data-height=\"491\" aria-label=\"\" role=\"img\" ><\/div>\n\t\t\t\t\t\t\t\t\t\t\t<div class=\"elementor-gallery-item__overlay\"><\/div>\n\t\t\t\t\t\t\t\t\t\t\t\t\t\t<\/a>\n\t\t\t\t\t\t\t<a class=\"e-gallery-item elementor-gallery-item elementor-animated-content\" href=\"https:\/\/campingpineta.com\/fr\/wp-content\/uploads\/sites\/3\/2020\/02\/Aventura7.jpg\" data-elementor-open-lightbox=\"yes\" data-elementor-lightbox-slideshow=\"bd9fd14\" data-elementor-lightbox-title=\"Aventura7\" data-e-action-hash=\"#elementor-action%3Aaction%3Dlightbox%26settings%3DeyJpZCI6NjY0LCJ1cmwiOiJodHRwczpcL1wvY2FtcGluZ3BpbmV0YS5jb21cL2ZyXC93cC1jb250ZW50XC91cGxvYWRzXC9zaXRlc1wvM1wvMjAyMFwvMDJcL0F2ZW50dXJhNy5qcGciLCJzbGlkZXNob3ciOiJiZDlmZDE0In0%3D\">\n\t\t\t\t\t<div class=\"e-gallery-image elementor-gallery-item__image\" data-thumbnail=\"https:\/\/campingpineta.com\/fr\/wp-content\/uploads\/sites\/3\/2020\/02\/Aventura7-768x491.jpg\" data-width=\"768\" data-height=\"491\" aria-label=\"\" role=\"img\" ><\/div>\n\t\t\t\t\t\t\t\t\t\t\t<div class=\"elementor-gallery-item__overlay\"><\/div>\n\t\t\t\t\t\t\t\t\t\t\t\t\t\t<\/a>\n\t\t\t\t\t\t\t<a class=\"e-gallery-item elementor-gallery-item elementor-animated-content\" href=\"https:\/\/campingpineta.com\/fr\/wp-content\/uploads\/sites\/3\/2020\/02\/Aventura8.jpg\" data-elementor-open-lightbox=\"yes\" data-elementor-lightbox-slideshow=\"bd9fd14\" data-elementor-lightbox-title=\"Aventura8\" data-e-action-hash=\"#elementor-action%3Aaction%3Dlightbox%26settings%3DeyJpZCI6NjY1LCJ1cmwiOiJodHRwczpcL1wvY2FtcGluZ3BpbmV0YS5jb21cL2ZyXC93cC1jb250ZW50XC91cGxvYWRzXC9zaXRlc1wvM1wvMjAyMFwvMDJcL0F2ZW50dXJhOC5qcGciLCJzbGlkZXNob3ciOiJiZDlmZDE0In0%3D\">\n\t\t\t\t\t<div class=\"e-gallery-image elementor-gallery-item__image\" data-thumbnail=\"https:\/\/campingpineta.com\/fr\/wp-content\/uploads\/sites\/3\/2020\/02\/Aventura8-768x491.jpg\" data-width=\"768\" data-height=\"491\" aria-label=\"\" role=\"img\" ><\/div>\n\t\t\t\t\t\t\t\t\t\t\t<div class=\"elementor-gallery-item__overlay\"><\/div>\n\t\t\t\t\t\t\t\t\t\t\t\t\t\t<\/a>\n\t\t\t\t\t\t\t<a class=\"e-gallery-item elementor-gallery-item elementor-animated-content\" href=\"https:\/\/campingpineta.com\/fr\/wp-content\/uploads\/sites\/3\/2020\/02\/Aventura9.jpg\" data-elementor-open-lightbox=\"yes\" data-elementor-lightbox-slideshow=\"bd9fd14\" data-elementor-lightbox-title=\"Aventura9\" data-e-action-hash=\"#elementor-action%3Aaction%3Dlightbox%26settings%3DeyJpZCI6NjY2LCJ1cmwiOiJodHRwczpcL1wvY2FtcGluZ3BpbmV0YS5jb21cL2ZyXC93cC1jb250ZW50XC91cGxvYWRzXC9zaXRlc1wvM1wvMjAyMFwvMDJcL0F2ZW50dXJhOS5qcGciLCJzbGlkZXNob3ciOiJiZDlmZDE0In0%3D\">\n\t\t\t\t\t<div class=\"e-gallery-image elementor-gallery-item__image\" data-thumbnail=\"https:\/\/campingpineta.com\/fr\/wp-content\/uploads\/sites\/3\/2020\/02\/Aventura9-768x491.jpg\" data-width=\"768\" data-height=\"491\" aria-label=\"\" role=\"img\" ><\/div>\n\t\t\t\t\t\t\t\t\t\t\t<div class=\"elementor-gallery-item__overlay\"><\/div>\n\t\t\t\t\t\t\t\t\t\t\t\t\t\t<\/a>\n\t\t\t\t\t\t\t<a class=\"e-gallery-item elementor-gallery-item elementor-animated-content\" href=\"https:\/\/campingpineta.com\/fr\/wp-content\/uploads\/sites\/3\/2020\/02\/Aventura11.jpg\" data-elementor-open-lightbox=\"yes\" data-elementor-lightbox-slideshow=\"bd9fd14\" data-elementor-lightbox-title=\"Aventura11\" data-e-action-hash=\"#elementor-action%3Aaction%3Dlightbox%26settings%3DeyJpZCI6NjU2LCJ1cmwiOiJodHRwczpcL1wvY2FtcGluZ3BpbmV0YS5jb21cL2ZyXC93cC1jb250ZW50XC91cGxvYWRzXC9zaXRlc1wvM1wvMjAyMFwvMDJcL0F2ZW50dXJhMTEuanBnIiwic2xpZGVzaG93IjoiYmQ5ZmQxNCJ9\">\n\t\t\t\t\t<div class=\"e-gallery-image elementor-gallery-item__image\" data-thumbnail=\"https:\/\/campingpineta.com\/fr\/wp-content\/uploads\/sites\/3\/2020\/02\/Aventura11-768x1152.jpg\" data-width=\"768\" data-height=\"1152\" aria-label=\"\" role=\"img\" ><\/div>\n\t\t\t\t\t\t\t\t\t\t\t<div class=\"elementor-gallery-item__overlay\"><\/div>\n\t\t\t\t\t\t\t\t\t\t\t\t\t\t<\/a>\n\t\t\t\t\t\t\t<a class=\"e-gallery-item elementor-gallery-item elementor-animated-content\" href=\"https:\/\/campingpineta.com\/fr\/wp-content\/uploads\/sites\/3\/2020\/02\/Aventura12.jpg\" data-elementor-open-lightbox=\"yes\" data-elementor-lightbox-slideshow=\"bd9fd14\" data-elementor-lightbox-title=\"Aventura12\" data-e-action-hash=\"#elementor-action%3Aaction%3Dlightbox%26settings%3DeyJpZCI6NjU3LCJ1cmwiOiJodHRwczpcL1wvY2FtcGluZ3BpbmV0YS5jb21cL2ZyXC93cC1jb250ZW50XC91cGxvYWRzXC9zaXRlc1wvM1wvMjAyMFwvMDJcL0F2ZW50dXJhMTIuanBnIiwic2xpZGVzaG93IjoiYmQ5ZmQxNCJ9\">\n\t\t\t\t\t<div class=\"e-gallery-image elementor-gallery-item__image\" data-thumbnail=\"https:\/\/campingpineta.com\/fr\/wp-content\/uploads\/sites\/3\/2020\/02\/Aventura12-768x1152.jpg\" data-width=\"768\" data-height=\"1152\" aria-label=\"\" role=\"img\" ><\/div>\n\t\t\t\t\t\t\t\t\t\t\t<div class=\"elementor-gallery-item__overlay\"><\/div>\n\t\t\t\t\t\t\t\t\t\t\t\t\t\t<\/a>\n\t\t\t\t\t<\/div>\n\t\t\t\t\t<\/div>\n\t\t\t\t<\/div>\n\t\t\t\t\t<\/div>\n\t\t<\/div>\n\t\t\t\t\t<\/div>\n\t\t<\/section>\n\t\t\t\t<\/div>\n\t\t","protected":false},"excerpt":{"rendered":"<p>Que faire? Faites les plus belles randos des Pyr\u00e9n\u00e9es aragonaises depuis le camping Pineta. Situ\u00e9e au coeur du G\u00e9oparc des Pyr\u00e9n\u00e9es et englob\u00e9 dans la R\u00e9serve de la Biosph\u00e8re Ordesa -Vignemale, la Vall\u00e9e de Pineta vous propose un large \u00e9ventail de possibilit\u00e9s pour passer des vacances de r\u00eave. Depuis le Camping Pineta vous pourrez visiter [&hellip;]<\/p>\n","protected":false},"author":1,"featured_media":0,"parent":0,"menu_order":0,"comment_status":"closed","ping_status":"closed","template":"elementor_header_footer","meta":{"footnotes":""},"class_list":["post-23","page","type-page","status-publish","hentry"],"_links":{"self":[{"href":"https:\/\/campingpineta.com\/fr\/wp-json\/wp\/v2\/pages\/23","targetHints":{"allow":["GET"]}}],"collection":[{"href":"https:\/\/campingpineta.com\/fr\/wp-json\/wp\/v2\/pages"}],"about":[{"href":"https:\/\/campingpineta.com\/fr\/wp-json\/wp\/v2\/types\/page"}],"author":[{"embeddable":true,"href":"https:\/\/campingpineta.com\/fr\/wp-json\/wp\/v2\/users\/1"}],"replies":[{"embeddable":true,"href":"https:\/\/campingpineta.com\/fr\/wp-json\/wp\/v2\/comments?post=23"}],"version-history":[{"count":5,"href":"https:\/\/campingpineta.com\/fr\/wp-json\/wp\/v2\/pages\/23\/revisions"}],"predecessor-version":[{"id":818,"href":"https:\/\/campingpineta.com\/fr\/wp-json\/wp\/v2\/pages\/23\/revisions\/818"}],"wp:attachment":[{"href":"https:\/\/campingpineta.com\/fr\/wp-json\/wp\/v2\/media?parent=23"}],"curies":[{"name":"wp","href":"https:\/\/api.w.org\/{rel}","templated":true}]}}